{"id":26062,"date":"2020-07-06T11:10:21","date_gmt":"2020-07-06T11:10:21","guid":{"rendered":"http:\/\/newwebir.recercasantpau.cat\/en\/covid-19\/caracteristiques-cliniques\/"},"modified":"2020-11-17T16:48:44","modified_gmt":"2020-11-17T16:48:44","slug":"caracteristiques-cliniques","status":"publish","type":"page","link":"https:\/\/www.recercasantpau.cat\/en\/covid-19\/caracteristiques-cliniques\/","title":{"rendered":"Caracter\u00edstiques cl\u00edniques"},"content":{"rendered":"<p><strong><span style=\"color: #808080;\">Respostes\u00a0COVID-19\u00a0<\/span><\/strong><\/p>\n<p><a href=\"https:\/\/es.cochrane.org\/sites\/es.cochrane.org\/files\/public\/uploads\/COVID-19\/udea-uned_sintesisrapida_covid-19_pronostico_22abril2020.pdf\">Factors cl\u00ednics pron\u00f2stics de malaltia greu i mortalitat en pacients amb COVID-19<br \/>\n<\/a>Unidad de Evidencia y Deliberaci\u00f3n para la Toma de Decisiones, Facultad de Medicina &#8211; Universidad de Antioquia &#8211;\u00a022 d&#8217;abril de 2020<\/p>\n<p><a href=\"https:\/\/www.recercasantpau.cat\/noticies-grup\/respostes-covid-19-criteris-per-definir-la-indicacio-duna-tc-en-casos-de-sospita-dembolisme-pulmonar\/\">En els pacients amb COVID-19 i una sospita d\u2019embolisme pulmonar, quins s\u00f3n els criteris m\u00e9s \u00fatils per tal de definir la seva indicaci\u00f3 d\u2019avaluaci\u00f3 amb una TC?<\/a><br \/>\nCentre Cochrane Iberoameric\u00e0 &#8211; 6 d&#8217;abril de 2020<\/p>\n<p><a href=\"https:\/\/www.recercasantpau.cat\/noticies-grup\/respostes-covid-19-risc-de-reinfeccio\/\">Quin risc hi ha de reinfecci\u00f3 per coronavirus SARS-CoV-2?<\/a><br \/>\nCentre Cochrane Iberoameric\u00e0 &#8211; 23 de mar\u00e7 de 2020<\/p>\n<p><a href=\"https:\/\/es.cochrane.org\/sites\/es.cochrane.org\/files\/public\/uploads\/COVID-19\/hudonostia_diagnostico_de_laboratorio_del_coronavirus.pdf\">Diagn\u00f2stic de laboratori del coronavirus<\/a><br \/>\nHospital Universitario Donostia \u2013 Unidad de Epidemiolog\u00eda Cl\u00ednica &#8211;\u00a020 de mar\u00e7 de 2020<\/p>\n<p><a href=\"https:\/\/es.cochrane.org\/sites\/es.cochrane.org\/files\/public\/uploads\/COVID-19\/hudonostia_persistencia_y_inactivacion.pdf\">Persist\u00e8ncia del coronavirus i la seva inactivaci\u00f3 per qu\u00edmics d&#8217;\u00fas dom\u00e8stic<\/a><br \/>\nHospital Universitario Donostia \u2013 Unidad de Epidemiolog\u00eda Cl\u00ednica\u00a0&#8211;\u00a020\u00a0de mar\u00e7 de 2020<\/p>\n<p>&nbsp;<\/p>\n<p><strong><span style=\"color: #808080;\">Estudis\u00a0COVID-19<\/span><\/strong><\/p>\n<p><a href=\"https:\/\/www.recercasantpau.cat\/noticies-grup\/estudis-covid-19-dades-duna-cohort-prospectiva-del-regne-unit\/\">Les dades d\u2019una cohort prospectiva del Regne Unit permeten identificar les caracter\u00edstiques de la COVID-19 a partir de les dades de 16.749 pacients hospitalitzats<\/a><br \/>\nCentre Cochrane Iberoameric\u00e0 &#8211;\u00a0 7\u00a0de maig de 2020<\/p>\n<p><a href=\"https:\/\/www.recercasantpau.cat\/noticies-grup\/estudis-covid-19-dades-que-permeten-identificar-els-principals-factors-de-mort\/\">Les dades de 17 milions de pacients brit\u00e0nics permeten identificar els principals factors de mort per la COVID-19<\/a><br \/>\nCentre Cochrane Iberoameric\u00e0 &#8211;\u00a0 7\u00a0de maig de 2020<\/p>\n<p><a href=\"https:\/\/portugal.cochrane.org\/sites\/portugal.cochrane.org\/files\/public\/uploads\/newsletter_17_isbe_20200427.pdf\">Les criatures fins als 16 anys d&#8217;edat infectades amb SARS-CoV-2 en la seva majoria presenten quadres cl\u00ednics lleus<\/a><br \/>\nCochrane Portugal &#8211; Institute for Evidenced Based Health\u00a0&#8211;\u00a027\u00a0d&#8217;abril de 2020<\/p>\n<p><a href=\"https:\/\/www.recercasantpau.cat\/noticies-grup\/estudis-covid-19-mecanismes-daccio-patogena-en-complicacions-greus\/\">Complicacions greus de la infecci\u00f3 per SARS-CoV-2: mecanismes d\u2019acci\u00f3 pat\u00f2gena i opcions terap\u00e8utiques<\/a><br \/>\nCentre Cochrane Iberoameric\u00e0 &#8211;\u00a0 24\u00a0d&#8217;abril de 2020<\/p>\n<p><a href=\"https:\/\/portugal.cochrane.org\/sites\/portugal.cochrane.org\/files\/public\/uploads\/newsletter_15_isbe_20200422.pdf\">La RT-PCR \u00e9s el gold standard en la detecci\u00f3 \/ diagn\u00f2stic de la COVID-19: com s&#8217;interpreten els resultats?<\/a><br \/>\nCochrane Portugal &#8211; Institute for Evidenced Based Health\u00a0&#8211;\u00a022 d&#8217;abril de 2020<\/p>\n<p><a href=\"https:\/\/portugal.cochrane.org\/sites\/portugal.cochrane.org\/files\/public\/uploads\/newsletter_10_isbe_20200410.pdf\">En els pacients amb COVID-19, l&#8217;edat \u00e9s un factor clau per determinar el risc, ja que est\u00e0 directament relacionat amb la pres\u00e8ncia d&#8217;una malaltia m\u00e9s greu, la necessitat d&#8217;hospitalitzaci\u00f3 i la mortalitat<\/a><br \/>\nCochrane Portugal &#8211; Institute for Evidenced Based Health\u00a0&#8211;\u00a010 d&#8217;abril de 2020<\/p>\n<p><a href=\"https:\/\/portugal.cochrane.org\/sites\/portugal.cochrane.org\/files\/public\/uploads\/newsletter_9_isbe_20200408.pdf\">Algunes caracter\u00edstiques cl\u00edniques i de laboratori suggereixen un pitjor pron\u00f2stic en pacients infectats amb COVID-19<\/a><br \/>\nCochrane Portugal &#8211; Institute for Evidenced Based Health\u00a0&#8211;\u00a08 d&#8217;abril de 2020<\/p>\n<p><a href=\"https:\/\/www.recercasantpau.cat\/noticies-grup\/estudis-covid-19-valor-d-dimer-associat-a-la-gravetat-dels-pacients\/\">El valor D-d\u00edmer est\u00e0 associat a la gravetat dels pacients amb la COVID-19<\/a><br \/>\nCentre Cochrane Iberoameric\u00e0 &#8211;\u00a0 6 d&#8217;abril de 2020<\/p>\n<p><a href=\"https:\/\/portugal.cochrane.org\/sites\/portugal.cochrane.org\/files\/public\/uploads\/newsletter_8_isbe_20200406.pdf\">Les dones embarassades a terme infectades amb COVID-19, semblen presentar un quadre cl\u00ednic similar al de les dones no embarassades, sense proves de transmissi\u00f3 viral als seus fills<\/a><br \/>\nCochrane Portugal &#8211; Institute for Evidenced Based Health\u00a0&#8211;\u00a06 d&#8217;abril de 2020<\/p>\n<p><a href=\"https:\/\/portugal.cochrane.org\/sites\/portugal.cochrane.org\/files\/public\/uploads\/newsletter_7_isbe_20200403.pdf\">En comparaci\u00f3 amb els adults, les infeccions per SARS-CoV-2 en nens s\u00f3n m\u00e9s lleus i, en la majoria dels casos, asimptom\u00e0tiques<\/a><br \/>\nCochrane Portugal &#8211; Institute for Evidenced Based Health\u00a0&#8211;\u00a03 d&#8217;abril de 2020<\/p>\n<p><a href=\"https:\/\/portugal.cochrane.org\/sites\/portugal.cochrane.org\/files\/public\/uploads\/newsletter_6_isbe_20200401.pdf\">Les persones infectades amb SARS-CoV-2 sense una confirmaci\u00f3 de laboratori semblen estar involucrades en la propagaci\u00f3 d&#8217;una gran proporci\u00f3 dels casos de la malaltia<\/a><br \/>\nCochrane Portugal &#8211; Institute for Evidenced Based Health\u00a0&#8211; 1 d&#8217;abril de 2020<\/p>\n<p><a href=\"https:\/\/portugal.cochrane.org\/sites\/portugal.cochrane.org\/files\/public\/uploads\/newsletter_5_isbe_20200330.pdf\">Els pacients infectats amb SARS-CoV-2 i amb malaltia card\u00edaca tenen un pitjor pron\u00f2stic durant l&#8217;estada hospital\u00e0ria<\/a><br \/>\nCochrane Portugal &#8211; Institute for Evidenced Based Health\u00a0&#8211;\u00a027\u00a0de mar\u00e7 de 2020<\/p>\n<p><a href=\"https:\/\/portugal.cochrane.org\/sites\/portugal.cochrane.org\/files\/public\/uploads\/newsletter_4_isbe_20200327.pdf\">Hi ha factors cl\u00ednics que permeten la identificaci\u00f3 preco\u00e7 de subgrups de pacients infectats amb SARS-CoV-2 amb un pitjor pron\u00f2stic<\/a><br \/>\nCochrane Portugal &#8211; Institute for Evidenced Based Health\u00a0&#8211;\u00a027 de mar\u00e7 de 2020<\/p>\n<p><a href=\"https:\/\/www.recercasantpau.cat\/noticies-grup\/estudis-covid-19-durada-de-la-quarantena\/\">Un estudi estima a partir de les dades d&#8217;una cohort la durada \u00f2ptima de la quarantena per controlar efica\u00e7ment la COVID-19<\/a><br \/>\nCentre Cochrane Iberoameric\u00e0 &#8211;\u00a0 25 de mar\u00e7 de 2020<\/p>\n<p><a href=\"https:\/\/portugal.cochrane.org\/sites\/portugal.cochrane.org\/files\/public\/uploads\/newsletter_1_isbe_20200320.pdf\">En els casos de s\u00edndrome d&#8217;insufici\u00e8ncia respirat\u00f2ria aguda per SARS-CoV-2, hi hauria una resposta inflamat\u00f2ria extensa a nivell pulmonar, sense canvis clars a nivell hep\u00e0tic o card\u00edac<\/a><br \/>\nCochrane Portugal &#8211; Institute for Evidenced Based Health\u00a0&#8211; 20\u00a0 de mar\u00e7 de 2020<\/p>\n<p><a href=\"https:\/\/www.recercasantpau.cat\/noticies-grup\/respostes-covid-19-comportament-del-coronavirus-en-superficies\/\">Un estudi simula com es comporta el coronavirus SARS-CoV-2 en aerosols i superf\u00edcies<\/a><br \/>\nCentre Cochrane Iberoameric\u00e0 &#8211; 19 de mar\u00e7 de 2020<\/p>\n<p><a href=\"https:\/\/portugal.cochrane.org\/sites\/portugal.cochrane.org\/files\/public\/uploads\/newsletter_0_20200318.pdf\">Troballes cl\u00edniques en un grup de pacients infectats amb el coronavirus SARS-CoV-2 fora de Wuhan, Xina: s\u00e8rie de casos retrospectius<\/a><br \/>\nCochrane Portugal &#8211; Institute for Evidenced Based Health\u00a0&#8211;\u00a018 de mar\u00e7 de 2020<\/p>\n<p>&nbsp;<\/p>\n","protected":false},"excerpt":{"rendered":"<p>Respostes\u00a0COVID-19\u00a0 Factors cl\u00ednics pron\u00f2stics de malaltia greu i mortalitat en pacients amb COVID-19 Unidad de Evidencia y Deliberaci\u00f3n para la Toma de Decisiones, Facultad de Medicina &#8211; Universidad de Antioquia &#8211;\u00a022 d&#8217;abril de 2020 En els pacients amb COVID-19 i una sospita d\u2019embolisme pulmonar, quins s\u00f3n els criteris m\u00e9s \u00fatils per tal de definir la &#8230; <br \/><a class=\"read-more\" href=\"https:\/\/www.recercasantpau.cat\/en\/covid-19\/caracteristiques-cliniques\/\">Read More<\/a><\/p>\n","protected":false},"author":1,"featured_media":0,"parent":26029,"menu_order":1,"comment_status":"closed","ping_status":"closed","template":"","meta":{"footnotes":""},"class_list":["post-26062","page","type-page","status-publish","hentry"],"acf":[],"_links":{"self":[{"href":"https:\/\/www.recercasantpau.cat\/en\/wp-json\/wp\/v2\/pages\/26062","targetHints":{"allow":["GET"]}}],"collection":[{"href":"https:\/\/www.recercasantpau.cat\/en\/wp-json\/wp\/v2\/pages"}],"about":[{"href":"https:\/\/www.recercasantpau.cat\/en\/wp-json\/wp\/v2\/types\/page"}],"author":[{"embeddable":true,"href":"https:\/\/www.recercasantpau.cat\/en\/wp-json\/wp\/v2\/users\/1"}],"replies":[{"embeddable":true,"href":"https:\/\/www.recercasantpau.cat\/en\/wp-json\/wp\/v2\/comments?post=26062"}],"version-history":[{"count":1,"href":"https:\/\/www.recercasantpau.cat\/en\/wp-json\/wp\/v2\/pages\/26062\/revisions"}],"predecessor-version":[{"id":26064,"href":"https:\/\/www.recercasantpau.cat\/en\/wp-json\/wp\/v2\/pages\/26062\/revisions\/26064"}],"up":[{"embeddable":true,"href":"https:\/\/www.recercasantpau.cat\/en\/wp-json\/wp\/v2\/pages\/26029"}],"wp:attachment":[{"href":"https:\/\/www.recercasantpau.cat\/en\/wp-json\/wp\/v2\/media?parent=26062"}],"curies":[{"name":"wp","href":"https:\/\/api.w.org\/{rel}","templated":true}]}}