{"id":4031,"date":"2016-01-20T12:13:56","date_gmt":"2016-01-20T11:13:56","guid":{"rendered":"http:\/\/newwebir.recercasantpau.cat\/es\/xarxes-de-recerca\/"},"modified":"2025-03-31T11:29:31","modified_gmt":"2025-03-31T09:29:31","slug":"redes-de-investigacion","status":"publish","type":"page","link":"https:\/\/www.recercasantpau.cat\/es\/investigacion\/redes-de-investigacion\/","title":{"rendered":"Redes de Investigaci\u00f3n"},"content":{"rendered":"<p style=\"text-align: justify;\">Para una investigaci\u00f3n de excelencia es fundamental la participaci\u00f3n en redes de colaboraci\u00f3n cient\u00edfica. El Institut de Recerca\u00a0participa activamente en algunas de las principales redes de investigaci\u00f3n nacionales e internacionales.<\/p>\n<h3>CIBER<\/h3>\n<p style=\"text-align: justify;\">El objetivo del Centro de Investigaci\u00f3n Biom\u00e9dica en Red, CIBER, consorcio p\u00fablico de investigaci\u00f3n creado por iniciativa del Instituto de Salud Carlos III (ISCIII) es impulsar la investigaci\u00f3n de excelencia en Biomedicina y Ciencias de la Salud que se realiza en el Sistema Nacional de Salud y en el Sistema de Ciencia y Tecnolog\u00eda. Para ello, se concentran esfuerzos y recursos interdisciplinares y multiinstitucionales de investigaci\u00f3n, con una dedicaci\u00f3n preferente de recursos financieros en torno a redes de conocimiento conformadas por centros y grupos de investigaci\u00f3n dependientes de distintas administraciones e instituciones p\u00fablicas y privadas.<\/p>\n<p style=\"text-align: center;\"><img loading=\"lazy\" decoding=\"async\" class=\"no-border alignnone wp-image-1714\" title=\"https:\/\/www.ciberisciii.es\/areas-tematicas\" src=\"https:\/\/www.recercasantpau.cat\/wp-content\/uploads\/2016\/01\/logo_Ciber.gif\" alt=\"logo_Ciber\" width=\"154\" height=\"64\" \/><\/p>\n<p style=\"text-align: justify;\">Actualmente, 19 grupos del IR Sant Pau participan activamente en las 8 \u00e1reas tem\u00e1ticas del CIBER. Esta participaci\u00f3n refleja la calidad investigadora de los grupos de investigaci\u00f3n que conforman el instituto y la repercusi\u00f3n social de las tem\u00e1ticas y patolog\u00edas que se investigan.<\/p>\n<div class=\"table-responsive\">\n<table>\n<tbody>\n<tr>\n<td style=\"text-align: center;\" width=\"157\"><strong>Grupo ciber<\/strong><\/td>\n<td style=\"text-align: center;\" width=\"178\"><strong>Grupo de investigaci\u00f3n\u00a0<\/strong><\/td>\n<td style=\"text-align: center;\" width=\"158\"><strong>Principal Investigator<\/strong><\/td>\n<\/tr>\n<tr>\n<td rowspan=\"3\" width=\"157\">\n<p style=\"text-align: center;\"><a href=\"http:\/\/www.cibercv.es\/\">cibercv<\/a><\/p>\n<\/td>\n<td rowspan=\"2\" width=\"178\"><a href=\"https:\/\/www.recercasantpau.cat\/es\/grupo\/patologia-molecular-y-terapeutica-de-las-enfermedades-aterotromboticas-e-isquemicas\/\" target=\"_blank\" rel=\"noopener\">Patologia Molecular y Terap\u00e9utica de las Enfermedades Aterotromb\u00f3ticas e Isqu\u00e9micas<\/a><\/td>\n<td width=\"158\">\n<p style=\"text-align: center;\">Dra. Gemma Vilahur<\/p>\n<\/td>\n<\/tr>\n<tr>\n<td style=\"text-align: center;\" width=\"158\"><\/td>\n<\/tr>\n<tr>\n<td width=\"178\"><a href=\"https:\/\/www.recercasantpau.cat\/grup\/cardiologia-clinica-i-translacional\/\">Cardiologia Cl\u00ednica i Translacional<\/a><\/td>\n<td style=\"text-align: center;\" width=\"158\">\u00a0Dr. Jos\u00e9 Guerra<\/td>\n<\/tr>\n<tr>\n<td style=\"text-align: center;\" rowspan=\"2\" width=\"157\"><a href=\"http:\/\/www.ciber-bbn.es\/\">ciber-bbn<\/a><\/td>\n<td width=\"178\"><a href=\"https:\/\/www.recercasantpau.cat\/grup\/oncogenesi-i-antitumorals\/\">Oncog\u00e8nesi i antitumorals<\/a><\/td>\n<td style=\"text-align: center;\" width=\"158\">Dr. Ramon Mangues<\/td>\n<\/tr>\n<tr>\n<td width=\"178\"><a href=\"https:\/\/www.ciber-bbn.es\/grupos\/grupo-de-investigacion?id=5793\">Endocrinologia i diabetes<\/a><\/td>\n<td style=\"text-align: center;\" width=\"158\">Dra.\u00a0Rosa Corcoy<\/td>\n<\/tr>\n<tr>\n<td style=\"text-align: center;\" rowspan=\"2\" width=\"157\"><a href=\"http:\/\/www.ciberdem.org\/\">ciberdem<\/a><\/td>\n<td width=\"178\"><a href=\"https:\/\/www.recercasantpau.cat\/grup\/bases-metaboliques-del-risc-cardiovascular\/\">Malaltia metab\u00f2lica i risc cardiovascular<\/a><\/td>\n<td style=\"text-align: center;\" width=\"158\">Dr. Francisco Blanco<\/td>\n<\/tr>\n<tr>\n<td width=\"178\"><a href=\"https:\/\/www.ciberdem.org\/grupos\/grupo-de-investigacion?id=21731\">Endocrinologia, Diabetes y Nutrici\u00f3n<\/a><\/td>\n<td style=\"text-align: center;\" width=\"158\">Dr. Didac Mauricio<\/td>\n<\/tr>\n<tr>\n<td style=\"text-align: center;\" width=\"157\"><a href=\"http:\/\/www.ciberehd.org\/\">ciberehd<\/a><\/td>\n<td width=\"178\"><a href=\"https:\/\/www.recercasantpau.cat\/grup\/patologia-digestiva\/\">Patologia digestiva<\/a><\/td>\n<td style=\"text-align: center;\" width=\"158\">Dr. Carlos Guarner<\/td>\n<\/tr>\n<tr>\n<td style=\"text-align: center;\" rowspan=\"5\" width=\"157\"><a href=\"http:\/\/www.ciberer.es\/\">ciberer<\/a><\/td>\n<td width=\"178\"><a href=\"https:\/\/www.recercasantpau.cat\/grup\/pediatria\/\">Pediatria<\/a><\/td>\n<td style=\"text-align: center;\" width=\"158\">Dra. Susana Boronat<\/td>\n<\/tr>\n<tr>\n<td width=\"178\"><a href=\"https:\/\/www.recercasantpau.cat\/grup\/malalties-genetiques\/\">Malalties gen\u00e8tiques<\/a><\/td>\n<td style=\"text-align: center;\" width=\"158\">Dra. M. Pia Gallano<\/td>\n<\/tr>\n<tr>\n<td width=\"178\"><a href=\"https:\/\/www.recercasantpau.cat\/grup\/malalties-neuromusculars\/\">Malalties neuromusculars<\/a><\/td>\n<td style=\"text-align: center;\" width=\"158\">Dr.\u00a0Eduard Gallardo<\/td>\n<\/tr>\n<tr>\n<td width=\"178\"><a href=\"https:\/\/www.recercasantpau.cat\/grup\/malalties-de-la-hipofisi\/\">Malalties de la hip\u00f2fisi<\/a><\/td>\n<td style=\"text-align: center;\" width=\"158\">Dra. Susan Webb<\/td>\n<\/tr>\n<tr>\n<td width=\"178\"><a href=\"https:\/\/www.recercasantpau.cat\/es\/grupo\/sindromes-de-reparacion-del-dna-y-predisposicion-al-cancer\/\">S\u00edndromes de reparaci\u00f3n del DNA y predisposici\u00f3n al c\u00e1ncer<\/a><\/td>\n<td width=\"158\">\n<p style=\"text-align: center;\">Dr. Jordi Surrall\u00e9s<\/p>\n<\/td>\n<\/tr>\n<tr>\n<td style=\"text-align: center;\" width=\"157\"><a href=\"http:\/\/www.ciberes.org\/\">ciberes<\/a><\/td>\n<td width=\"178\"><a href=\"https:\/\/www.recercasantpau.cat\/grup\/malalties-respiratories-croniques\/\">Malalties respirat\u00f2ries cr\u00f2niques<\/a><\/td>\n<td style=\"text-align: center;\" width=\"158\">Dr. Vicente Plaza<\/td>\n<\/tr>\n<tr>\n<td style=\"text-align: center;\" rowspan=\"3\" width=\"157\"><a href=\"http:\/\/www.ciberesp.es\/\">ciberesp<\/a><\/td>\n<td width=\"178\"><a href=\"https:\/\/www.recercasantpau.cat\/grup\/epidemiologia-clinica-i-serveis-sanitaris\/\">Epidemiologia cl\u00ednica i serveis sanitaris<\/a><\/td>\n<td style=\"text-align: center;\" width=\"158\">Dr. Xavier Bonfill<\/td>\n<\/tr>\n<tr>\n<td width=\"178\"><a href=\"https:\/\/www.recercasantpau.cat\/grup\/desigualtats-en-salut\/\">Desigualtats en salut<\/a>**<\/td>\n<td style=\"text-align: center;\" width=\"158\">Dra. Carme Borrell<\/td>\n<\/tr>\n<tr>\n<td width=\"178\"><a href=\"https:\/\/www.recercasantpau.cat\/grup\/malalties-transmissibles\/\">Malalties transmissibles<\/a><\/td>\n<td style=\"text-align: center;\" width=\"158\">Dra. Cristina Rius<\/td>\n<\/tr>\n<tr>\n<td style=\"text-align: center;\" width=\"157\"><a href=\"http:\/\/www.cibersam.es\/\">cibersam<\/a><\/td>\n<td width=\"178\"><a href=\"https:\/\/www.recercasantpau.cat\/grup\/psiquiatria-clinica\/\">Psiquiatria cl\u00ednica<\/a><\/td>\n<td style=\"text-align: center;\" width=\"158\">Dra. M\u00aaJes\u00fas Portella<\/td>\n<\/tr>\n<tr>\n<td style=\"text-align: center;\" rowspan=\"2\" width=\"157\"><a href=\"http:\/\/www.ciberned.es\/\">ciberned<\/a><\/td>\n<td width=\"178\"><a href=\"https:\/\/www.recercasantpau.cat\/grup\/neurobiologia-de-les-demencies\/\">Neurobiologia de les<\/a><a href=\"https:\/\/www.recercasantpau.cat\/grup\/neurobiologia-de-les-demencies\/\">\u00a0dem\u00e8ncies<\/a><\/td>\n<td style=\"text-align: center;\" width=\"158\">Dr. Alberto Lle\u00f3<\/td>\n<\/tr>\n<tr>\n<td width=\"178\"><a href=\"https:\/\/www.recercasantpau.cat\/grup\/malaltia-del-parkinson-i-trastorns-del-moviment\/\">Malaltia de Parkinson i trastorns del moviment<\/a><\/td>\n<td style=\"text-align: center;\" width=\"158\">Dr. Jaime Kulisevsky<\/td>\n<\/tr>\n<\/tbody>\n<\/table>\n<\/div>\n","protected":false},"excerpt":{"rendered":"<p>Para una investigaci\u00f3n de excelencia es fundamental la participaci\u00f3n en redes de colaboraci\u00f3n cient\u00edfica. El Institut de Recerca\u00a0participa activamente en algunas de las principales redes de investigaci\u00f3n nacionales e internacionales. CIBER El objetivo del Centro de Investigaci\u00f3n Biom\u00e9dica en Red, CIBER, consorcio p\u00fablico de investigaci\u00f3n creado por iniciativa del Instituto de Salud Carlos III (ISCIII) &#8230; <br \/><a class=\"read-more\" href=\"https:\/\/www.recercasantpau.cat\/es\/investigacion\/redes-de-investigacion\/\">Read More<\/a><\/p>\n","protected":false},"author":1,"featured_media":2889,"parent":4040,"menu_order":0,"comment_status":"closed","ping_status":"closed","template":"template-serveis.php","meta":{"footnotes":""},"class_list":["post-4031","page","type-page","status-publish","has-post-thumbnail","hentry"],"acf":[],"_links":{"self":[{"href":"https:\/\/www.recercasantpau.cat\/es\/wp-json\/wp\/v2\/pages\/4031","targetHints":{"allow":["GET"]}}],"collection":[{"href":"https:\/\/www.recercasantpau.cat\/es\/wp-json\/wp\/v2\/pages"}],"about":[{"href":"https:\/\/www.recercasantpau.cat\/es\/wp-json\/wp\/v2\/types\/page"}],"author":[{"embeddable":true,"href":"https:\/\/www.recercasantpau.cat\/es\/wp-json\/wp\/v2\/users\/1"}],"replies":[{"embeddable":true,"href":"https:\/\/www.recercasantpau.cat\/es\/wp-json\/wp\/v2\/comments?post=4031"}],"version-history":[{"count":21,"href":"https:\/\/www.recercasantpau.cat\/es\/wp-json\/wp\/v2\/pages\/4031\/revisions"}],"predecessor-version":[{"id":54749,"href":"https:\/\/www.recercasantpau.cat\/es\/wp-json\/wp\/v2\/pages\/4031\/revisions\/54749"}],"up":[{"embeddable":true,"href":"https:\/\/www.recercasantpau.cat\/es\/wp-json\/wp\/v2\/pages\/4040"}],"wp:featuredmedia":[{"embeddable":true,"href":"https:\/\/www.recercasantpau.cat\/es\/wp-json\/wp\/v2\/media\/2889"}],"wp:attachment":[{"href":"https:\/\/www.recercasantpau.cat\/es\/wp-json\/wp\/v2\/media?parent=4031"}],"curies":[{"name":"wp","href":"https:\/\/api.w.org\/{rel}","templated":true}]}}