{"id":4043,"date":"2016-01-20T12:11:13","date_gmt":"2016-01-20T12:11:13","guid":{"rendered":"http:\/\/newwebir.recercasantpau.cat\/es\/instituto\/col%c2%b7labora-amb-la-recerca\/"},"modified":"2021-04-30T11:11:20","modified_gmt":"2021-04-30T11:11:20","slug":"colabora-con-la-investigacion","status":"publish","type":"page","link":"https:\/\/www.recercasantpau.cat\/es\/instituto\/colabora-con-la-investigacion\/","title":{"rendered":"Colabora con la Investigaci\u00f3n"},"content":{"rendered":"<p><img loading=\"lazy\" decoding=\"async\" class=\"no-border alignnone wp-image-26501\" title=\"no-border\" src=\"https:\/\/www.recercasantpau.cat\/wp-content\/uploads\/2016\/01\/campanya-tssp.png\" alt=\"campanya tssp\" width=\"587\" height=\"283\" srcset=\"https:\/\/www.recercasantpau.cat\/wp-content\/uploads\/2016\/01\/campanya-tssp.png 768w, https:\/\/www.recercasantpau.cat\/wp-content\/uploads\/2016\/01\/campanya-tssp-300x145.png 300w, https:\/\/www.recercasantpau.cat\/wp-content\/uploads\/2016\/01\/campanya-tssp-580x279.png 580w\" sizes=\"auto, (max-width: 587px) 100vw, 587px\" \/><\/p>\n<p class=\"ng-binding\" style=\"text-align: left;\"><strong>En\u00a0Sant Pau luchamos juntos contra la COVID-19! Si nos quieres ayudar\u00a0<\/strong><strong><span style=\"color: #008080;\"><a style=\"color: #008080;\" href=\"https:\/\/www.contraelcoronavirus.org\/santpau\" target=\"_blank\">DONA AHORA<\/a>\u00a0!<\/span><\/strong><\/p>\n<hr \/>\n<h1 style=\"text-align: center;\">Otras causas abiertas<\/h1>\n<h3><\/h3>\n<p><a href=\"https:\/\/www.recercasantpau.cat\/wp-admin\/post.php?post=27288&amp;action=edit&amp;lang=ca\">El IIB Sant Pau, el ESMUC y Oncolliga se unen en un proyecto de musicoterapia para pacientes oncohematologicos.<\/a>\u00a0firman un convenio de colaboraci\u00f3n para impulsar la investigaci\u00f3n en musicoterapia para pacientes\u00a0onco-hematol\u00f3gicos\u00a0y sus cuidadores. El proyecto es pionero en intervenciones de musicoterapia para pacientes en terapia celular y se espera que contribuya a reducir los niveles de malestar f\u00edsico emocional en los pacientes hospitalizados, y a mejorar el estado an\u00edmico y la calidad de vida tanto de pacientes como de sus cuidadores familiares y profesionales.<\/p>\n<p><iframe loading=\"lazy\" title=\"YouTube video player\" src=\"https:\/\/www.youtube.com\/embed\/orP_z0xrRCU\" width=\"560\" height=\"315\" frameborder=\"0\" allowfullscreen=\"allowfullscreen\"><\/iframe><\/p>\n<h2 class=\"elementor-heading-title elementor-size-default\"><a href=\"https:\/\/musicoterapiasantpau.cat\/\" target=\"_blank\">\u00bfPor qu\u00e9 apoyar este proyecto?<\/a><\/h2>\n<p>&nbsp;<\/p>\n<hr \/>\n<h3 style=\"text-align: justify;\">El grupo de investigaci\u00f3n en <a href=\"https:\/\/www.recercasantpau.cat\/es\/grup\/neurobiologia-de-las-demencias\/\" target=\"_blank\">Neurobiolog\u00eda de las Demencias<\/a><\/h3>\n<p style=\"text-align: justify;\"><img loading=\"lazy\" decoding=\"async\" class=\"no-border wp-image-1037 alignright\" title=\"no-border\" src=\"https:\/\/www.recercasantpau.cat\/wp-content\/uploads\/2016\/01\/causa-alzheimer-04.jpg\" alt=\"causa-alzheimer-04\" width=\"377\" height=\"146\" srcset=\"https:\/\/www.recercasantpau.cat\/wp-content\/uploads\/2016\/01\/causa-alzheimer-04.jpg 620w, https:\/\/www.recercasantpau.cat\/wp-content\/uploads\/2016\/01\/causa-alzheimer-04-300x116.jpg 300w\" sizes=\"auto, (max-width: 377px) 100vw, 377px\" \/><\/p>\n<p style=\"text-align: justify;\">Dirigido por el Dr. Alberto Lle\u00f3, es un equipo formado por hombres y mujeres especializados en neurologia, biologia y psicologia, que trabajan conjuntamente para avanzar en el cuidado y conocimiento de las enfermedades neurodegenerativas como el Alzheimer.<\/p>\n<p>Esta causa pretende ayudar al sostenimiento de las principales l\u00edneas de investigaci\u00f3n del grupo:<\/p>\n<ul>\n<li>Bases gen\u00e9ticas y biol\u00f3gicas del Alzheimer y otras enfermedades neurodegenerativas.<\/li>\n<li>Detecci\u00f3n precoz del Alzheimer y nuevos tratamientos para ralentizar su progresi\u00f3n.<\/li>\n<\/ul>\n<p><a href=\"https:\/\/www.recercasantpau.cat\/wp-content\/uploads\/2016\/01\/Tri\u0301ptic-donacions-Alzheimer_A5_v7.pdf\" target=\"_blank\">Descarga el folleto\u00a0<strong>\u00abLluita contra l&#8217;Alzheimer\u00bb<\/strong><\/a><\/p>\n<h5 style=\"text-align: justify;\">Puede hacer su donativo en:<br \/>\n<a href=\"https:\/\/www2.caixabank.es\/apl\/donativos\/detalle_ca.html?DON_codigoCausa=190&amp;JSESSIONID=sSiAPaP1TDdboLbFPiNvuvp\" target=\"_blank\"><img loading=\"lazy\" decoding=\"async\" class=\"no-border wp-image-6164 alignnone\" title=\"no-border\" src=\"https:\/\/www.recercasantpau.cat\/wp-content\/uploads\/2016\/12\/Caixabank.gif\" alt=\"Caixabank\" width=\"152\" height=\"40\" \/><\/a><\/h5>\n<hr \/>\n<h3 style=\"text-align: justify;\">El grupo de Investigaci\u00f3n de <a href=\"https:\/\/www.recercasantpau.cat\/es\/grupo\/genomica-de-enfermedades-complejas\/\" target=\"_blank\">Gen\u00f3mica de Enfermedades Complejas<\/a> del Institut de Recerca\u00a0de Sant Pau<\/h3>\n<p style=\"text-align: justify;\"><img loading=\"lazy\" decoding=\"async\" class=\"no-border alignright wp-image-1034\" title=\"no-border\" src=\"https:\/\/www.recercasantpau.cat\/wp-content\/uploads\/2016\/01\/causa-cuidatusvenas-02.jpg\" alt=\"causa-cuidatusvenas-02\" width=\"385\" height=\"149\" srcset=\"https:\/\/www.recercasantpau.cat\/wp-content\/uploads\/2016\/01\/causa-cuidatusvenas-02.jpg 620w, https:\/\/www.recercasantpau.cat\/wp-content\/uploads\/2016\/01\/causa-cuidatusvenas-02-300x116.jpg 300w\" sizes=\"auto, (max-width: 385px) 100vw, 385px\" \/><\/p>\n<p style=\"text-align: justify;\">Dirigido por el Dr. Jos\u00e9 Manuel Soria, trabaja en la identificaci\u00f3n de los factores gen\u00e9ticos que causan las principales enfermedades venosas, especialmente la trombosis y las varices (Insuficiencia Venosa Cr\u00f3nica).<\/p>\n<p style=\"text-align: justify;\">El grupo est\u00e1 constituido por un equipo multidisciplinar\u00a0de hombres y mujeres especializados biolog\u00eda, bioqu\u00edmica y bioinform\u00e1tica que colaboran estrechamente con hematolog\u00eda, vascular y oncolog\u00eda para abordar de una manera integral el diagn\u00f3stico, prevenci\u00f3n y tratamiento de estas enfermedades.<\/p>\n<p style=\"text-align: justify;\">Descarga el folleto\u00a0<a href=\"https:\/\/www.recercasantpau.cat\/wp-content\/uploads\/2016\/01\/Triptico-A5-donaciones-Cuida-tus-venas.pdf\" target=\"_blank\"><strong>\u201cLa vida corre por tus venas: \u00a1cu\u00eddalas!\u201d<\/strong><\/a><\/p>\n<h5 style=\"text-align: justify;\">Puede hacer su donativo en:<br \/>\n<a href=\"https:\/\/www2.caixabank.es\/apl\/donativos\/detalle_ca.html?DON_codigoCausa=245&amp;JSESSIONID=sSiAPaP1TDdboLbFPiNvuvp\" target=\"_blank\"><img loading=\"lazy\" decoding=\"async\" class=\"no-border alignnone wp-image-6164\" title=\"no-border\" src=\"https:\/\/www.recercasantpau.cat\/wp-content\/uploads\/2016\/12\/Caixabank.gif\" alt=\"Caixabank\" width=\"160\" height=\"42\" \/><\/a><\/h5>\n<h3 style=\"text-align: justify;\"><\/h3>\n<hr \/>\n<h6 class=\"p1\" style=\"text-align: justify;\"><strong>Informaci\u00f3n sobre la recogida\u00a0de datos con\u00a0finalidades fiscales e informativas<\/strong><\/h6>\n<h6 style=\"text-align: justify;\"><em>Los donativos efectuados a la entidad est\u00e1n sujetos a los beneficios establecidos en la Ley 49\/2002, de 23 de diciembre, de r\u00e9gimen fiscal de las entidades sin \u00e1nimo de lucro y de los incentivos fiscales al mecenazgo y la Ley 27\/2014, del Impuesto sobre Sociedades. Las donaciones recibidas en la Fundaci\u00f3n podr\u00e1n disfrutar de las deducciones previstas en el Impuesto sobre la Renta de las Personas F\u00edsicas y en el Impuesto sobre Sociedades. A estos efectos la Fundaci\u00f3n emitir\u00e1 el correspondiente certificado acreditando la donaci\u00f3n efectuada.<\/em><\/h6>\n<h6 style=\"text-align: justify;\"><em>Con sujeci\u00f3n a la Ley 15\/1999 de protecci\u00f3n de datos de car\u00e1cter personal, sus datos se incorporar\u00e1n a un fichero automatizado titularidad del Instituto de Investigaci\u00f3n del Hospital de la Santa Creu i Sant Pau con el fin de confeccionar y remitirle al domicilio indicado el certificado fiscal referente a su donaci\u00f3n, y con el fin de que dicha entidad pueda tener conocimiento de las personas que hacen donaciones y le pueda remitir la informaci\u00f3n sobre la misma y las actividades que lleva a cabo. Usted declara bajo su responsabilidad que los datos indicados son ciertos, correctos, actualizados y que le pertenecen. Conforme a la Ley de protecci\u00f3n de datos, usted podr\u00e1 ejercer en cualquier momento el derecho de acceder, rectificar y cancelar sus datos y de oponerse a su tratamiento, dirigi\u00e9ndose por correo electr\u00f3nico a<\/em><em> <strong><a href=\"mailto:donatiusiib@santpau.cat\">donatiusiib@santpau.cat<\/a>.<\/strong><\/em><\/h6>\n","protected":false},"excerpt":{"rendered":"<p>En\u00a0Sant Pau luchamos juntos contra la COVID-19! Si nos quieres ayudar\u00a0DONA AHORA\u00a0! Otras causas abiertas El IIB Sant Pau, el ESMUC y Oncolliga se unen en un proyecto de musicoterapia para pacientes oncohematologicos.\u00a0firman un convenio de colaboraci\u00f3n para impulsar la investigaci\u00f3n en musicoterapia para pacientes\u00a0onco-hematol\u00f3gicos\u00a0y sus cuidadores. El proyecto es pionero en intervenciones de musicoterapia &#8230; <br \/><a class=\"read-more\" href=\"https:\/\/www.recercasantpau.cat\/es\/instituto\/colabora-con-la-investigacion\/\">Read More<\/a><\/p>\n","protected":false},"author":1,"featured_media":2824,"parent":2610,"menu_order":0,"comment_status":"closed","ping_status":"closed","template":"template-linstitut-presentacio.php","meta":{"footnotes":""},"class_list":["post-4043","page","type-page","status-publish","has-post-thumbnail","hentry"],"acf":[],"_links":{"self":[{"href":"https:\/\/www.recercasantpau.cat\/es\/wp-json\/wp\/v2\/pages\/4043","targetHints":{"allow":["GET"]}}],"collection":[{"href":"https:\/\/www.recercasantpau.cat\/es\/wp-json\/wp\/v2\/pages"}],"about":[{"href":"https:\/\/www.recercasantpau.cat\/es\/wp-json\/wp\/v2\/types\/page"}],"author":[{"embeddable":true,"href":"https:\/\/www.recercasantpau.cat\/es\/wp-json\/wp\/v2\/users\/1"}],"replies":[{"embeddable":true,"href":"https:\/\/www.recercasantpau.cat\/es\/wp-json\/wp\/v2\/comments?post=4043"}],"version-history":[{"count":52,"href":"https:\/\/www.recercasantpau.cat\/es\/wp-json\/wp\/v2\/pages\/4043\/revisions"}],"predecessor-version":[{"id":27426,"href":"https:\/\/www.recercasantpau.cat\/es\/wp-json\/wp\/v2\/pages\/4043\/revisions\/27426"}],"up":[{"embeddable":true,"href":"https:\/\/www.recercasantpau.cat\/es\/wp-json\/wp\/v2\/pages\/2610"}],"wp:featuredmedia":[{"embeddable":true,"href":"https:\/\/www.recercasantpau.cat\/es\/wp-json\/wp\/v2\/media\/2824"}],"wp:attachment":[{"href":"https:\/\/www.recercasantpau.cat\/es\/wp-json\/wp\/v2\/media?parent=4043"}],"curies":[{"name":"wp","href":"https:\/\/api.w.org\/{rel}","templated":true}]}}